{"version":"1.0","provider_name":"\u0410\u0434\u0432\u043e\u043a\u0430\u0442\u0441\u044c\u043a\u0435 \u043e\u0431'\u0454\u0434\u043d\u0430\u043d\u043d\u044f AB PARTNERS","provider_url":"https:\/\/www.abpartners.cz\/uk","author_name":"AB PARTNERS advok\u00e1ti","author_url":"https:\/\/www.abpartners.cz\/uk\/author\/abpartners\/","title":"Zastupujeme Plze\u0148sk\u00fd Prazdroj p\u0159i spr\u00e1v\u011b pohled\u00e1vek na Slovensku - AB PARTNERS advok\u00e1ti","type":"rich","width":600,"height":338,"html":"<blockquote class=\"wp-embedded-content\" data-secret=\"ktCSIK6rjH\"><a href=\"https:\/\/www.abpartners.cz\/uk\/zastupujeme-plzensky-prazdroj-pri-sprave-pohledavek-na-slovensku\/\">Zastupujeme Plze\u0148sk\u00fd Prazdroj p\u0159i spr\u00e1v\u011b pohled\u00e1vek na Slovensku<\/a><\/blockquote><iframe sandbox=\"allow-scripts\" security=\"restricted\" src=\"https:\/\/www.abpartners.cz\/uk\/zastupujeme-plzensky-prazdroj-pri-sprave-pohledavek-na-slovensku\/embed\/#?secret=ktCSIK6rjH\" width=\"600\" height=\"338\" title=\"&#8220;Zastupujeme Plze\u0148sk\u00fd Prazdroj p\u0159i spr\u00e1v\u011b pohled\u00e1vek na Slovensku&#8221; &#8212; AB PARTNERS advok\u00e1ti\" data-secret=\"ktCSIK6rjH\" frameborder=\"0\" marginwidth=\"0\" marginheight=\"0\" scrolling=\"no\" class=\"wp-embedded-content\"><\/iframe><script type=\"text\/javascript\">\n\/* <![CDATA[ *\/\n\/*! This file is auto-generated *\/\n!function(d,l){\"use strict\";l.querySelector&&d.addEventListener&&\"undefined\"!=typeof URL&&(d.wp=d.wp||{},d.wp.receiveEmbedMessage||(d.wp.receiveEmbedMessage=function(e){var t=e.data;if((t||t.secret||t.message||t.value)&&!\/[^a-zA-Z0-9]\/.test(t.secret)){for(var s,r,n,a=l.querySelectorAll('iframe[data-secret=\"'+t.secret+'\"]'),o=l.querySelectorAll('blockquote[data-secret=\"'+t.secret+'\"]'),c=new RegExp(\"^https?:$\",\"i\"),i=0;i<o.length;i++)o[i].style.display=\"none\";for(i=0;i<a.length;i++)s=a[i],e.source===s.contentWindow&&(s.removeAttribute(\"style\"),\"height\"===t.message?(1e3<(r=parseInt(t.value,10))?r=1e3:~~r<200&&(r=200),s.height=r):\"link\"===t.message&&(r=new URL(s.getAttribute(\"src\")),n=new URL(t.value),c.test(n.protocol))&&n.host===r.host&&l.activeElement===s&&(d.top.location.href=t.value))}},d.addEventListener(\"message\",d.wp.receiveEmbedMessage,!1),l.addEventListener(\"DOMContentLoaded\",function(){for(var e,t,s=l.querySelectorAll(\"iframe.wp-embedded-content\"),r=0;r<s.length;r++)(t=(e=s[r]).getAttribute(\"data-secret\"))||(t=Math.random().toString(36).substring(2,12),e.src+=\"#?secret=\"+t,e.setAttribute(\"data-secret\",t)),e.contentWindow.postMessage({message:\"ready\",secret:t},\"*\")},!1)))}(window,document);\n\/\/# sourceURL=https:\/\/www.abpartners.cz\/wp-includes\/js\/wp-embed.min.js\n\/* ]]> *\/\n<\/script>","thumbnail_url":"https:\/\/www.abpartners.cz\/wp-content\/uploads\/2022\/01\/15716719744.jpg","thumbnail_width":1024,"thumbnail_height":683,"description":"AB PARTNERS advok\u00e1tn\u00ed kancel\u00e1\u0159 usp\u011bla ve v\u00fdb\u011brov\u00e9m \u0159\u00edzen\u00ed pivovaru Plze\u0148sk\u00fd Prazdroj na v\u00fdb\u011br advok\u00e1tn\u00ed kancel\u00e1\u0159e pro segment spr\u00e1vy a vym\u00e1h\u00e1n\u00ed pohled\u00e1vek na \u00fazem\u00ed Slovensk\u00e9 republiky. T\u00fdm pr\u00e1vn\u00edk\u016f vede advok\u00e1t Jan Ambro\u017e, kter\u00fd se stal nov\u011b usazen\u00fdm evropsk\u00fdm advok\u00e1tem pro \u00fazem\u00ed Slovenska. Roz\u0161i\u0159ujeme tak na\u0161e portfolio slu\u017eeb nejen v\u011bcn\u011b, ale nov\u011b [...]"}